{"id":8550,"date":"2021-02-11T12:02:55","date_gmt":"2021-02-11T11:02:55","guid":{"rendered":"https:\/\/www.destination-saintquentin.fr\/mentions-legales\/"},"modified":"2025-07-15T12:43:42","modified_gmt":"2025-07-15T10:43:42","slug":"mentions-legales","status":"publish","type":"page","link":"https:\/\/www.destination-saintquentin.fr\/de\/mentions-legales\/","title":{"rendered":"Mentions l\u00e9gales"},"content":{"rendered":"<div class=\"wpb-content-wrapper\"><p>[vc_row][vc_column]<div class=\"titre-high\"><div class=\"titre-high_symbole\"><\/div><p class=\"titre-high_pretitre\"><\/p><h2 class=\"titre-high_titre\">Mentions l\u00e9gales<\/h2><p class=\"titre-high_soustitre\"><\/p><div class=\"titre-high_vague\"><\/div><\/div>[vc_column_text]<\/p>\n<h3>1 \u2013 G\u00e9n\u00e9ralit\u00e9s<\/h3>\n<p>Les informations publi\u00e9es sont indicatives.\u00a0L\u2019Office de Tourisme et des Congr\u00e8s du Saint-Quentinois met en \u0153uvre tous les moyens dont\u00a0il\u00a0dispose pour assurer une information fiable et mise \u00e0 jour de son site internet.<\/p>\n<p>Des erreurs ou omissions\u00a0peuvent toutefois\u00a0\u00eatre constat\u00e9es. Il est rappel\u00e9 que la version num\u00e9rique en ligne d\u2019une information n\u2019est pas l\u2019\u00e9l\u00e9ment de r\u00e9f\u00e9rence, seule la version num\u00e9rique ou papier enregistr\u00e9e dans le syst\u00e8me d\u2019information de\u00a0l\u2019Office de Tourisme et des Congr\u00e8s du Saint-Quentinois et non accessible en ligne fait foi.<\/p>\n<p>Cette clause de r\u00e9serve juridique n\u2019a pas pour objet de limiter la responsabilit\u00e9 de l\u2019\u00e9diteur de mani\u00e8re contraire \u00e0 la l\u00e9gislation nationale applicable, ni de l\u2019exclure dans les cas o\u00f9 elle peut \u00eatre engag\u00e9e en vertu de ladite l\u00e9gislation.<\/p>\n<p>L\u2019internaute doit s\u2019assurer de l\u2019exactitude des informations et signaler toute rectification qu\u2019il jugerait utile. L\u2019\u00e9diteur n\u2019est en aucun cas responsable de l\u2019utilisation et de l\u2019interpr\u00e9tation du contenu du site, et de tout pr\u00e9judice direct ou indirect pouvant en d\u00e9couler.<\/p>\n<p>L\u2019Office de Tourisme et des Congr\u00e8s du Saint-Quentinois s\u2019efforce d\u2019assurer la permanence, la continuit\u00e9 et la qualit\u00e9 du service. Pour autant, il se d\u00e9gage de toute responsabilit\u00e9 en cas d\u2019inaccessibilit\u00e9 temporaire ou permanente des contenus<\/p>\n<h3>2 \u2013 Liens vers des sites tiers<\/h3>\n<p>L\u2019Office de Tourisme et des Congr\u00e8s du Saint-Quentinois n\u2019est pas responsable des contenus des sites tiers vers lesquels sont \u00e9tablis des liens depuis son site.<\/p>\n<h3>3 \u2013 Liens vers le site\u00a0stquentin.fr<\/h3>\n<p>Le site de\u00a0l\u2019Office de Tourisme et des Congr\u00e8s du Saint-Quentinois autorise tout site internet ou tout autre support \u00e0 le citer ou \u00e0 mettre en place un lien hypertexte pointant vers son contenu, sous r\u00e9serve :<\/p>\n<ul type=\"disc\">\n<li class=\"x_MsoNormal\">D\u2019avoir obtenu l\u2019autorisation \u00e9crite pr\u00e9alable de\u00a0l\u2019Office de Tourisme et des Congr\u00e8s du Saint-Quentinois.<\/li>\n<li class=\"x_MsoNormal\">Que l\u2019int\u00e9grit\u00e9 de contenu de la page li\u00e9e soit respect\u00e9e et que l\u2019acc\u00e8s aux pages contenant ces liens vers le site\u00a0https:\/\/www.terres-de-seine.fr\/\u00a0soit gratuit et d\u00e9pourvu de toutes conditions pr\u00e9alables.<\/li>\n<li class=\"x_MsoNormal\">Que la page atteinte ne soit pas imbriqu\u00e9e \u00e0 l\u2019int\u00e9rieur d\u2019autres pages du site tiers, en particulier par voie de cadre (ou \u00abframe\u00bb), c\u2019est-\u00e0-dire que les pages du site\u00a0https:\/\/www.terres-de-seine.fr\/\u00a0ne soient pas imbriqu\u00e9es \u00e0 l\u2019int\u00e9rieur des pages d\u2019un autre site, mais accessible par l\u2019ouverture d\u2019une fen\u00eatre distincte dans le navigateur de l\u2019internaute.<\/li>\n<li class=\"x_MsoNormal\">De mentionner la source (site officiel de\u00a0l\u2019Office de Tourisme et des Congr\u00e8s du Saint-Quentinois) pour chaque lien, en particulier lorsqu\u2019il s\u2019agit d\u2019un lien direct vers un contenu.<\/li>\n<li class=\"x_MsoNormal\">Que le site contenant ces liens n\u2019utilise pas une identit\u00e9 et\/ou un contenu aussi bien r\u00e9dactionnel que graphique pouvant induire une confusion avec le site officiel de Office de Tourisme et des Congr\u00e8s du Saint-Quentinois (usurpation), au sens de l\u2019article 226-4-1 du Code P\u00e9nal.<\/li>\n<\/ul>\n<p>Cette autorisation ne s\u2019applique pas \u2014et par d\u00e9finition est interdite\u2014 aux sites dont le contenu est ou peut s\u2019assimiler \u00e0 des infractions : apologie des crimes contre l\u2019humanit\u00e9 ou du terrorisme, appel au terrorisme ou \u00e0 la haine raciale, p\u00e9dopornographie, incitation \u00e0 la violence, \u2026) et, dans une plus large mesure, pouvant porter atteinte \u00e0 la sensibilit\u00e9 du plus grand nombre et \u00e0 l\u2019image de\u00a0l\u2019Office de Tourisme et des Congr\u00e8s du Saint-Quentinois.\u00a0L\u2019Office de Tourisme et des Congr\u00e8s du Saint-Quentinois se r\u00e9serve le droit de demander la suppression d\u2019un lien qu\u2019il estime non conforme.<\/p>\n<h3>4 \u2013 Droit d\u2019auteur et propri\u00e9t\u00e9 intellectuelle<\/h3>\n<p>Le contenu multim\u00e9dia du site Internet\u00a0l\u2019Office de Tourisme et des Congr\u00e8s du Saint-Quentinois est la propri\u00e9t\u00e9 exclusive de\u00a0l\u2019Office de Tourisme et des Congr\u00e8s du Saint-Quentinois en sa qualit\u00e9 d\u2019auteur sens des articles L111-1 et suivants du Code de la propri\u00e9t\u00e9 intellectuelle.<\/p>\n<p>Sauf autorisation \u00e9crite de\u00a0l\u2019Office de Tourisme et des Congr\u00e8s du Saint-Quentinois, toute utilisation des\u00a0\u0153uvres\u00a0autres que la reproduction et la consultation individuelle et priv\u00e9e, conforme \u00e0 l\u2019article L122-5 du Code de la propri\u00e9t\u00e9 intellectuelle, est interdite.<\/p>\n<p>Lorsque la reproduction est autoris\u00e9e, il est demand\u00e9 la mention suivante \u00ab contenu extrait du site officiel de\u00a0l\u2019Office de Tourisme et des Congr\u00e8s du Saint-Quentinois \u00bb.\u00a0L\u2019Office de Tourisme et des Congr\u00e8s du Saint-Quentinois se r\u00e9serve le droit d\u2019approuver ou de d\u00e9sapprouver toute utilisation de son logo.<\/p>\n<h3>5 \u2013 Cr\u00e9dits photographiques<\/h3>\n<p>Toutes les photographies pr\u00e9sent\u00e9es sur ce site sont prot\u00e9g\u00e9es par le Code de la propri\u00e9t\u00e9 intellectuelle et artistique. Certaines peuvent \u00eatre reproduites apr\u00e8s avoir obtenu pr\u00e9alablement l\u2019autorisation \u00e9crite de l\u2019Office de Tourisme et des Congr\u00e8s du Saint-Quentinois\u00a0et d\u2019en indiquer l\u2019auteur et la source.<\/p>\n<p>Ces demandes doivent \u00eatre adress\u00e9es \u00e0\u00a0l\u2019Office de Tourisme et des Congr\u00e8s du Saint-Quentinois. Sauf mention contraire, les cr\u00e9dits photographiques sont attribu\u00e9s \u00e0 \u00ab Office de Tourisme et des Congr\u00e8s du Saint-Quentinois\u00bb.<\/p>\n<p>Cr\u00e9dits photos : Office de Tourisme et des Congr\u00e8s du Saint-Quentinois.<\/p>\n<h3>6 \u2013 Protection des donn\u00e9es personnelles, confidentialit\u00e9<\/h3>\n<p>Aucune information personnelle n\u2019est collect\u00e9e\u00a0\u00e0 l\u2019insu des internautes,\u00a0ni c\u00e9d\u00e9e \u00e0 des tiers.<\/p>\n<p>Pour des fins statistiques, un cookie est implant\u00e9 sur le mat\u00e9riel de l\u2019internaute. Il ne permet pas l\u2019identification mais il enregistre des informations relatives \u00e0 la navigation sur le site de l\u2019Office de Tourisme et des Congr\u00e8s du Saint-Quentinois. La finalit\u00e9 principale de ce cookie est d\u2019adapter le site aux demandes des internautes et de mesurer l\u2019audience (nombre de visites, de pages vues, activit\u00e9 de l\u2019internaute, fr\u00e9quence de retour\u2026). La dur\u00e9e de conservation des informations collect\u00e9es est de six mois.<\/p>\n<p>Les informations demand\u00e9es dans les formulaires du site peuvent \u00eatre obligatoires (pr\u00e9sence du symbole *) ou facultatives. Elles sont destin\u00e9es aux services de\u00a0l\u2019Office de Tourisme et des Congr\u00e8s du Saint-Quentinois charg\u00e9s de l\u2019instruction des demandes. Les traitements mis en \u0153uvre sont pr\u00e9cis\u00e9s et le recueil du consentement est int\u00e9gr\u00e9 aux formulaires.<\/p>\n<h3>7 \u2013 R\u00e8glement g\u00e9n\u00e9ral sur la protection des donn\u00e9es 2016-679 (RGPD)<\/h3>\n<p>L\u2019Office de Tourisme et des Congr\u00e8s du Saint-Quentinois met en\u00a0\u0153uvre\u00a0des traitements de donn\u00e9es \u00e0 caract\u00e8re personnel. Elle est soumise aux dispositions du r\u00e8glement europ\u00e9en 2016\/679 du 27 avril 2016 compl\u00e9t\u00e9 par la Loi Informatique et Libert\u00e9s, (r\u00e9\u00e9crite par ordonnance du 12 d\u00e9cembre 2018) et applicable au 1er juin 2019 (d\u00e9cret 2019-536).<\/p>\n<p>La responsabilit\u00e9 des traitements effectu\u00e9s incombe \u00e0\u00a0l\u2019Office de Tourisme et des Congr\u00e8s du Saint-Quentinois, \u00e0 l\u2019exception de ceux pour lesquels il est simplement propos\u00e9 un lien vers un service tiers.<\/p>\n<p>L\u2019internaute dispose des droits pr\u00e9vus par le r\u00e8glement europ\u00e9en sur la protection des donn\u00e9es :acc\u00e8s, opposition, rectification et effacement (sous conditions).<\/p>\n<p>L\u2019Office de Tourisme et des Congr\u00e8s du Saint-Quentinois a d\u00e9sign\u00e9 un d\u00e9l\u00e9gu\u00e9 \u00e0 la protection des donn\u00e9es qui est l\u2019interlocuteur officiel pour toutes les questions touchant \u00e0 l\u2019exercice des droits des personnes concern\u00e9es par un traitement mis en\u00a0\u0153uvre.<\/p>\n<h3>8 \u2013 Contacts<\/h3>\n<p>Pour toute question portant sur vos donn\u00e9es personnelles ou pour exercer vos droits, vous pouvez vous adresser au responsable de la publication ci-dessous :<\/p>\n<p><strong>Responsable de la publication<\/strong><\/p>\n<p>C\u00e9cile Anglade, directeur<\/p>\n<p><strong>Directeur de la publication :<\/strong><\/p>\n<p>Marjorie Richard, responsable communication, promotion et des relations presse<\/p>\n<p><strong>Adresse\u00a0postale\u00a0:<\/strong><\/p>\n<p>3 rue Emile Zola<\/p>\n<p>02100 Saint-Quentin<\/p>\n<h3>9 \u2013 Cr\u00e9ation du site<\/h3>\n<p>YATA! marque de Logitourisme<br aria-hidden=\"true\" \/>Agence de communication web et m\u00e9dias<br aria-hidden=\"true\" \/><a href=\"https:\/\/www.yata.fr\/\" target=\"_blank\" rel=\"noopener noreferrer\" data-auth=\"NotApplicable\" data-linkindex=\"0\">https:\/\/www.yata.fr<\/a><br aria-hidden=\"true\" \/>11 place de l\u2019h\u00f4tel de Ville \u2013 39000 Lons le Saunier<br aria-hidden=\"true\" \/>1 Rue de Lille \u2013 59100 Roubaix<br aria-hidden=\"true\" \/><a href=\"tel:+33363672111\" target=\"_blank\" rel=\"noopener noreferrer\" data-auth=\"NotApplicable\" data-linkindex=\"1\">03-63-67-21-11<\/a><\/p>\n<h3>10\u00a0<b>\u2013\u00a0<\/b>H\u00e9bergement du site<\/h3>\n<p>Soci\u00e9t\u00e9 OVH[\/vc_column_text][\/vc_column][\/vc_row][vc_row][vc_column]<div style=\"height:100px;\"><\/div>[\/vc_column][\/vc_row]<\/p>\n<\/div>","protected":false},"excerpt":{"rendered":"<p>[vc_row][vc_column][vc_column_text] 1 \u2013 G\u00e9n\u00e9ralit\u00e9s Les informations publi\u00e9es sont indicatives.\u00a0L\u2019Office de Tourisme et des Congr\u00e8s du Saint-Quentinois met en \u0153uvre tous les moyens dont\u00a0il\u00a0dispose pour assurer une information fiable et mise \u00e0 jour de son site internet. Des erreurs ou omissions\u00a0peuvent toutefois\u00a0\u00eatre constat\u00e9es. Il est rappel\u00e9 que la version num\u00e9rique en ligne d\u2019une information n\u2019est pas [&hellip;]<\/p>\n","protected":false},"author":2,"featured_media":0,"parent":0,"menu_order":6,"comment_status":"closed","ping_status":"closed","template":"","meta":{"_acf_changed":false,"footnotes":""},"class_list":["post-8550","page","type-page","status-publish","hentry"],"acf":[],"_links":{"self":[{"href":"https:\/\/www.destination-saintquentin.fr\/de\/wp-json\/wp\/v2\/pages\/8550","targetHints":{"allow":["GET"]}}],"collection":[{"href":"https:\/\/www.destination-saintquentin.fr\/de\/wp-json\/wp\/v2\/pages"}],"about":[{"href":"https:\/\/www.destination-saintquentin.fr\/de\/wp-json\/wp\/v2\/types\/page"}],"author":[{"embeddable":true,"href":"https:\/\/www.destination-saintquentin.fr\/de\/wp-json\/wp\/v2\/users\/2"}],"replies":[{"embeddable":true,"href":"https:\/\/www.destination-saintquentin.fr\/de\/wp-json\/wp\/v2\/comments?post=8550"}],"version-history":[{"count":0,"href":"https:\/\/www.destination-saintquentin.fr\/de\/wp-json\/wp\/v2\/pages\/8550\/revisions"}],"wp:attachment":[{"href":"https:\/\/www.destination-saintquentin.fr\/de\/wp-json\/wp\/v2\/media?parent=8550"}],"curies":[{"name":"wp","href":"https:\/\/api.w.org\/{rel}","templated":true}]}}